{"id":37658,"date":"2012-10-08T09:11:00","date_gmt":"2012-10-08T07:11:00","guid":{"rendered":"https:\/\/sfu.sk\/?post_type=novinka&#038;p=37658"},"modified":"2025-07-23T11:27:33","modified_gmt":"2025-07-23T09:27:33","slug":"slovak-films-at-festivals-in-autumn","status":"publish","type":"novinka","link":"https:\/\/sfu.sk\/en\/news\/slovak-films-at-festivals-in-autumn\/","title":{"rendered":"Slovak films at festivals in autumn"},"content":{"rendered":"<p><strong>Slovak films will be proudly presented at different festivals throughout Europe during October, as well: they will be travelling through in England, Luxembourg, Czech Republic, to visit Poland, at last.<\/strong><\/p>\n<p><a href=\"https:\/\/www.bfi.org.uk\/\">56th BFI London<\/a><br \/>\n<a href=\"https:\/\/www.cineast.lu\/\">5th CinEast Luxemburg<\/a><br \/>\n20th Film Indian Summer T\u0159\u00ednec<br \/>\n<a href=\"https:\/\/wff.pl\/\">28th Warsaw<\/a><br \/>\n<a href=\"https:\/\/www.tofifest.pl\/\">10th Tofifest IFF Toru\u0144<\/a><\/p>\n<p><strong>56th BFI London<\/strong><\/p>\n<p>London will arise with films in October: 10. &#8211; 21. 10. 2012 the 56th edition of the prestigious <a href=\"http:\/\/www.bfi.org.uk\/lff\" target=\"_blank\" rel=\"noopener\">BFI London <\/a>will take place and will offer internationally recognized films from all over the world. The successful Slovak title and the Slovak national Oscar nominee\u00a0<strong><em><a href=\"https:\/\/whatson.bfi.org.uk\/lff\/Online\/default.asp?doWork::WScontent::loadArticle=Load&amp;BOparam::WScontent::loadArticle::article_id=A6E1A209-06CD-458E-A267-AB20DAE38B60\" target=\"_blank\" rel=\"noopener\">Made in Ash<\/a><\/em><\/strong> (dir. Iveta Gr\u00f3fov\u00e1, 2012), which, after its premiere at the 47th Karlovy Vary IFF is available in Slovak cinemas at the moment, will be presented in a section aiming to suprise, argue and scrutinize:\u00a0Debate. The film will be personally presented by the director Iveta Gr\u00f3fov\u00e1.<\/p>\n<p>Debate:<\/p>\n<p><strong>Made in Ash (A\u017e do mesta A\u0161)<a href=\"https:\/\/whatson.bfi.org.uk\/lff\/Online\/default.asp?doWork::WScontent::loadArticle=Load&amp;BOparam::WScontent::loadArticle::article_id=A6E1A209-06CD-458E-A267-AB20DAE38B60\" target=\"_blank\" rel=\"noopener\"><br \/>\n<\/a><\/strong>SK\/CZ | 80 min. | 2012 | fiction<br \/>\ndirector: Iveta Gr\u00f3fov\u00e1<\/p>\n<p>\u25ba October 19 \u25ba Friday \u25ba 20:45 \u25ba BFI Southbank, NFT2<br \/>\n\u25ba October 21 \u25ba Sunday \u25ba 13:30 \u25ba Renoir, Screen 1<\/p>\n<p align=\"left\"><strong>5th CinEast Luxembourg<\/strong><\/p>\n<p>The 5th edition of the festival dedicated to films coming from Central and Eastern Europe <a href=\"http:\/\/www.cineast.lu\/\" target=\"_blank\" rel=\"noopener\">CinEast <\/a>will be held in Luxembourg\u00a011. &#8211; 28. 10. 2012. Director Iveta Gr\u00f3fov\u00e1 will personally present her film <em><strong>Made in Ash<\/strong><\/em> (2012) within\u00a0the Competition section, the festival will also commemorate the 50th anniversary of the Czechoslovak New Wave classic <em><strong>The Sun in a Net<\/strong><\/em> (dir. \u0160tefan Uher, 1962). In the Back to the Roots section two Slovak films will be screened: <em><strong>Gypsy<\/strong><\/em> (dir. Martin \u0160ul\u00edk, 2011) and <em><strong>Alois Nebel<\/strong><\/em> (dir. Tom\u00e1\u0161 Lu\u0148\u00e1k, 2011). The Luxembourg audience will also be able to watch some of the most successful short films\u00a0from the last two years &#8211; <em><strong>The Last Bus<\/strong><\/em> (dir. Ivana Lau\u010d\u00edkov\u00e1, Martin Snopek, 2011), <em><strong>The Star<\/strong><\/em> (dir. Andrej Kolen\u010d\u00edk, 2012), <em><strong>tWINs<\/strong><\/em> (dir. Peter Budinsk\u00fd, 2011) a <em><strong>Are You Feelin&#8217; Good?<\/strong><\/em> (dir. Mat\u00fa\u0161 Kraj\u0148\u00e1k, 2011).<\/p>\n<p>Competition:<\/p>\n<p><strong>Made in Ash (A\u017e do mesta A\u0161)<br \/>\n<\/strong>SK\/CZ | 80 min. | 2012 | fiction<br \/>\ndirector: Iveta Gr\u00f3fov\u00e1<\/p>\n<p>\u25ba October 17 \u25ba Wednesday \u25ba 21:00 \u25ba Cin\u00e9 Utopia<\/p>\n<p>Special Screening:<\/p>\n<p><strong>The Sun in a Net (Slnko v sieti)<br \/>\n<\/strong>CS | 90 min. | 1962 | fiction<br \/>\ndirector: \u0160tefan Uher<\/p>\n<p>\u25ba October 13 \u25ba Saturday \u25ba 20:00 \u25ba Cin\u00e9math\u00e8que<\/p>\n<p>Back to the Roots:<\/p>\n<p><strong>Gypsy (Cig\u00e1n)<br \/>\n<\/strong>SK\/CZ | 107 min. | 2011 | fiction<br \/>\ndirector: Martin \u0160ul\u00edk<\/p>\n<p>\u25ba October 21 \u25ba Sunday \u25ba 18:30 \u25ba Cin\u00e9math\u00e8que<\/p>\n<p><strong>Alois Nebel (Alois Nebel)<br \/>\n<\/strong>CZ\/SK | 84 min. | 2011 | animation \/ fiction<br \/>\ndirector: Tom\u00e1\u0161 Lu\u0148\u00e1k<\/p>\n<p>\u25ba October 14 \u25ba Sunday \u25ba 20:00 \u25ba Cin\u00e9math\u00e8que<\/p>\n<p>Cin\u00e9Shorts:<\/p>\n<p><strong>The Last Bus (Posledn\u00fd autobus)<\/strong><br \/>\nSK | 15 min. | 2011 | animation \/ fiction<br \/>\ndirector: Ivana Lau\u010d\u00edkov\u00e1, Martin Snopek<\/p>\n<p>\u25ba October 22 \u25ba Monday \u25ba 18:30 \u25ba CCRN (Salle E. Dune)<\/p>\n<p><strong>tWINs (tWINs)<a href=\"http:\/\/www.cineast.lu\/2012\/detail.php?id_filmy=41\" target=\"_blank\" rel=\"noopener\"><br \/>\n<\/a><\/strong>SK | 6 min. | 2011 | animation<br \/>\ndirector: Peter Budinsk\u00fd<\/p>\n<p>\u25ba October 22 \u25ba Monday \u25ba 18:30 \u25ba CCRN (Salle E. Dune)<\/p>\n<p><strong>The Star (Hviezda)<a href=\"http:\/\/www.cineast.lu\/2012\/detail.php?id_filmy=38\" target=\"_blank\" rel=\"noopener\"><br \/>\n<\/a><\/strong>SK | 20 min. | 2012 | documentary<br \/>\ndirector: Andrej Kolen\u010d\u00edk<\/p>\n<p>\u25ba October 13 \u25ba Saturday \u25ba 18:30 \u25ba CCRN (Salle E. Dune)<\/p>\n<p><strong>Are You Feelin&#8217; Good? (Are You Feelin&#8217; Good?)<br \/>\n<\/strong>SK | 11 min. | 2011 | fiction<br \/>\ndirector: Mat\u00fa\u0161 Kraj\u0148\u00e1k<\/p>\n<p>\u25ba October 17 \u25ba Wednesday \u25ba 18:30 \u25ba CCRN (Salle E. Dune)<\/p>\n<p>The festival will present a programme for film professionals this year for the first time: CinEast Pro &#8211; Co-production Workshop for Central and East European Countries. The general idea behind the workshop is to take advantage of the network of contacts established by the organisers of the CinEast festival during its five years of existence, and to arrange a meeting between film professionals from the Central and Eastern European countries represented at the festival and producers and institutions in Luxembourg. The Slovak Film Institute\u00a0representative at the event will be Alexandra Strelkov\u00e1.<\/p>\n<p><strong>20th Film Indian Summer T\u0159\u00ednec<\/strong><\/p>\n<p>The Film Indian Summer T\u0159\u00ednec\u00a0held in Czech Republic, will be celebrating its 20th anniversary 11. &#8211; 14. 10. 2012. Several Slovak films will be presented with its programme: the Debute Competition will screen the films <em><strong>Tigers in the City<\/strong> <\/em>(2012) by Juraj Krasnohorsk\u00fd, along with the co-production titles <em><strong>Alois Nebel<\/strong><\/em> (dir. Tom\u00e1\u0161 Lu\u0148\u00e1k, 2011) and <em><strong>DONT STOP<\/strong><\/em> (dir. Richard \u0158e\u0159icha, 2012). The Last Season&#8217;s Hits\u00a0will feature films <em><strong>Angels<\/strong><\/em> (dir. R\u00f3bert \u0160veda, 2012), <em><strong>Confidant<\/strong> <\/em>(dir. Juraj Nvota), <em><strong>L\u00f3ve<\/strong><\/em> (dir. Jakub Kroner) and the co-production title &#8211; the Czech national Oscar nominee &#8211; <em><strong>In the Shadow<\/strong><\/em> (dir. David Ond\u0159\u00ed\u010dek, 2012).<\/p>\n<p>Debute Competition:<\/p>\n<p><strong>Tigers in the City (Tigre v meste)<br \/>\n<\/strong>SK | 92 min. | 2012 | fiction<br \/>\ndirector: Juraj Krasnohorsk\u00fd<\/p>\n<p>\u25ba October 11 \u25ba Thursday \u25ba 14:30 \u25ba Kino Kosmos<\/p>\n<p><strong>Alois Nebel (Alois Nebel)<br \/>\n<\/strong>CZ\/SK | 84 min. | 2011 | animation \/ fiction<br \/>\ndirector: Tom\u00e1\u0161 Lu\u0148\u00e1k<\/p>\n<p>\u25ba October 11 \u25ba Thursday \u25ba 14:30 \u25ba Kino Kosmos<\/p>\n<p><strong>DONT STOP (DONT STOP)<br \/>\n<\/strong>CZ\/SK | 98 min. | 2012 | fiction<br \/>\ndirector: Richard \u0158e\u0159icha<\/p>\n<p>\u25ba October 12 \u25ba Friday \u25ba 12:30 \u25ba Kino Kosmos<\/p>\n<p>Last Season&#8217;s Hits:<\/p>\n<p><strong>Angels (Anjeli)<br \/>\n<\/strong>SK | 95 min. | 2012 | fiction<br \/>\ndirector: R\u00f3bert \u0160veda<\/p>\n<p>\u25ba October 13 \u25ba Saturday \u25ba 13:00 \u25ba Kino Kosmos<\/p>\n<p><strong>Confidant (e\u0160teB\u00e1k )<br \/>\n<\/strong>SK\/CZ\/PL | 108 min. | 2011 | fiction<br \/>\ndirector: Juraj Nvota<\/p>\n<p>\u25ba October 14 \u25ba Sunday \u25ba 21:00 \u25ba Kino Kosmos<\/p>\n<p><strong>L\u00f3ve (L\u00f3ve)<br \/>\n<\/strong>SK\/CZ | 88 min. | 2011 | fiction<br \/>\ndirector: Jakub Kroner<\/p>\n<p>\u25ba October 11 \u25ba Thursday \u25ba 20:30 \u25ba Kino Kosmos<\/p>\n<p><strong>In the Shadow (V tieni)<br \/>\n<\/strong>CZ\/US\/PL\/IS\/SK | 96 min. | 2012 | fiction<br \/>\ndirector: David Ond\u0159\u00ed\u010dek<\/p>\n<p>\u25ba October 12 \u25ba Friday \u25ba 21:00 \u25ba Kino Kosmos<\/p>\n<p><strong style=\"font-size: revert;color: initial\">28th Warsaw IFF<\/strong><\/p>\n<p>Slovak films willl also be welcomed at the <a href=\"http:\/\/www.wff.pl\/en\/\" target=\"_blank\" rel=\"noopener\">Warsaw FF<\/a>, held 12. &#8211; 21. 10. 2012. The third feature of director Juraj Nvota <em><strong>Confidant<\/strong><\/em>\u00a0(2011) will be screened within the\u00a0International Competition, presented in its international premiere. The Czech-Slovak co-production documentary <em><strong>Najv\u00e4\u010d\u0161ie prianie 3<\/strong><\/em>\u00a0(2012) by Olga \u0160p\u00e1tov\u00e1 will compete in the Documentary Competition. Co-production titles <em><strong>DONT STOP<\/strong><\/em> (dir. Richard \u0158e\u0159icha, 2012) and <em><strong>Aftermath<\/strong><\/em> (dir. W\u0142adys\u0142aw Pasikowski, 2012) will be screened in the Special Screenings\u00a0section.<\/p>\n<p>International Competition<\/p>\n<p><strong>Confidant (e\u0160teB\u00e1k )<br \/>\n<\/strong>SK\/CZ\/PL | 108 min. | 2011 | fiction<br \/>\ndirector: Juraj Nvota<\/p>\n<p>\u25ba October 13 \u25ba Saturday \u25ba 19:00 \u25ba MULTIKINO 3<br \/>\n\u25ba October 14 \u25ba Sunday \u25ba 16:30 \u25ba MULTIKINO 3<br \/>\n\u25ba October 16 \u25ba Tuesday \u25ba 21:00 \u25ba MULTIKINO 2<br \/>\n\u25ba October 17 \u25ba Wednesday \u25ba 11:15 \u25ba MULTIKINO 2<\/p>\n<p>Documentary Competition:<\/p>\n<p><strong>The Greatest Wish 3 (Najv\u00e4\u010d\u0161ie prianie 3)<\/strong><br \/>\nCZ\/SK | 84 min. | 2012 | documentary<br \/>\ndirector: Olga \u0160p\u00e1tov\u00e1<\/p>\n<p>\u25ba October 15 \u25ba Monday \u25ba 16:30 \u25ba KINOTEKA 4<br \/>\n\u25ba October 19 \u25ba Friday \u25ba 11:00 \u25ba KINOTEKA 4<br \/>\n\u25ba October 20 \u25ba Saturday \u25ba 19:00 \u25ba KINOTEKA 4<\/p>\n<p>Special Screenings:<\/p>\n<p><strong>DONT STOP (DONT STOP)<br \/>\n<\/strong>CZ\/SK | 98 min. | 2012 | fiction<br \/>\ndirector: Richard \u0158e\u0159icha<\/p>\n<p>\u25ba October 16 \u25ba Tuesday \u25ba 13:30 \u25ba MULTIKINO 1<br \/>\n\u25ba October 19 \u25ba Friday \u25ba 18:30 \u25ba MULTIKINO 1<\/p>\n<p><strong>Aftermath (Klasy na strnisku)<a href=\"http:\/\/www.wff.pl\/en\/filmy\/aftermath\/\" target=\"_blank\" rel=\"noopener\"><br \/>\n<\/a><\/strong>PL\/NL\/RU\/SK | 107 min. | 2012 | fiction<br \/>\ndirector: W\u0142adys\u0142aw Pasikowski<\/p>\n<p>\u25ba October 20 \u25ba Saturday \u25ba 21:00 \u25ba MULTIKINO 1<\/p>\n<p align=\"left\"><strong>10th Tofifest IFF Toru\u0144<\/strong><\/p>\n<p>Slovak films will stay in Poland for the end of October: the debut of director Iveta Gr\u00f3fov\u00e1 <strong><em>Made in Ash<\/em><\/strong> (2012) will be presented in the competition of first and second features ON AIR. at the <a href=\"https:\/\/www.tofifest.pl\/\" target=\"_blank\" rel=\"noopener\">Tofifest IFF in Toru\u0144<\/a> (20. &#8211; 26. 10. 2012). The festival will give a significant space for Slovak documentaries in the Cultural Exchange section: the Toru\u0144 audience have the possibility to watch the successful and awarded <strong><em>Osadn\u00e9<\/em><\/strong> (2009) by Marko \u0160kop, <strong><em>The Border <\/em><\/strong>(2009) by Jaro Vojtek and two documentaries by Zuzana Piussi &#8211; <strong><em>The Disease of the Third Power<\/em><\/strong> (2011) and <strong><em>Men of Revolution<\/em><\/strong> (2012).<\/p>\n<p align=\"left\">More information at:<br \/>\n<a href=\"http:\/\/www.bfi.org.uk\/lff\">www.bfi.org.uk\/lff<\/a><br \/>\n<a href=\"http:\/\/www.cineast.lu\/\">www.cineast.lu<\/a><br \/>\n<a href=\"http:\/\/www.fblkk.cz\/\">www.fblkk.cz<\/a><br \/>\n<a href=\"http:\/\/www.wff.pl\/\">www.wff.pl<\/a><br \/>\n<a href=\"http:\/\/www.tofifest.pl\/\">www.tofifest.pl<\/a><\/p>\n","protected":false},"excerpt":{"rendered":"<p>Slovak films will be proudly presented at different festivals throughout Europe during October, as well: they will be travelling through England, Luxembourg, Czech Republic, to visit Poland, at last.<\/p>\n","protected":false},"featured_media":45489,"template":"","meta":{"_acf_changed":false,"inline_featured_image":false},"kategorie_noviniek":[1965,2038,2036,2037,2145,2152],"festival":[],"rok":[2165],"class_list":["post-37658","novinka","type-novinka","status-publish","has-post-thumbnail","hentry","kategorie_noviniek-aic","kategorie_noviniek-archive","kategorie_noviniek-english","kategorie_noviniek-news","kategorie_noviniek-prezentacia-en","kategorie_noviniek-slovak-cinema-abroad"],"acf":[],"_links":{"self":[{"href":"https:\/\/sfu.sk\/en\/wp-json\/wp\/v2\/novinka\/37658","targetHints":{"allow":["GET"]}}],"collection":[{"href":"https:\/\/sfu.sk\/en\/wp-json\/wp\/v2\/novinka"}],"about":[{"href":"https:\/\/sfu.sk\/en\/wp-json\/wp\/v2\/types\/novinka"}],"wp:featuredmedia":[{"embeddable":true,"href":"https:\/\/sfu.sk\/en\/wp-json\/wp\/v2\/media\/45489"}],"wp:attachment":[{"href":"https:\/\/sfu.sk\/en\/wp-json\/wp\/v2\/media?parent=37658"}],"wp:term":[{"taxonomy":"kategorie_noviniek","embeddable":true,"href":"https:\/\/sfu.sk\/en\/wp-json\/wp\/v2\/kategorie_noviniek?post=37658"},{"taxonomy":"festival","embeddable":true,"href":"https:\/\/sfu.sk\/en\/wp-json\/wp\/v2\/festival?post=37658"},{"taxonomy":"rok","embeddable":true,"href":"https:\/\/sfu.sk\/en\/wp-json\/wp\/v2\/rok?post=37658"}],"curies":[{"name":"wp","href":"https:\/\/api.w.org\/{rel}","templated":true}]}}