{"id":38111,"date":"2018-11-29T15:25:00","date_gmt":"2018-11-29T14:25:00","guid":{"rendered":"https:\/\/sfu.sk\/?post_type=novinka&#038;p=38111"},"modified":"2025-08-20T11:36:03","modified_gmt":"2025-08-20T09:36:03","slug":"bratislava-iff-2018","status":"publish","type":"novinka","link":"https:\/\/sfu.sk\/en\/news\/bratislava-iff-2018\/","title":{"rendered":"Slovak films at 20th Bratislava IFF"},"content":{"rendered":"<p><strong>The 20th edition of <a href=\"http:\/\/bratislavaiff.sk\/en\/\" target=\"_blank\" rel=\"noopener\">Bratislava International Film Festival<\/a> (November 29 \u2013 December 2, 2018) has prepared a selection of contemporary Czech and Slovak Cinema. Most of the selected films were made in Czech-Slovak co-production as a result of the natural continuation of the filmmaking cooperation between the two neighboring countries after the dissolution of Czechoslovakia, the state whose 100<sup>th<\/sup> foundation anniversary we celebrate this year.<\/strong><\/p>\n<p>The Made in CZ\/SK section will present <strong><em><a href=\"https:\/\/sfu.sk\/en\/films\/domestique\/\" target=\"_blank\" rel=\"noopener\">Domestique<\/a><\/em><\/strong>, debut by Adam Sedl\u00e1k and roadmovie <strong><em><a href=\"https:\/\/sfu.sk\/en\/films\/winter-flies\/\" target=\"_blank\" rel=\"noopener\">Winter Flies<\/a><\/em><\/strong> by Olmo Omerzu, both world premiered at 53rd Karlovy Vary IFF. Third feature-length film of the section will be<strong> <em><a href=\"https:\/\/sfu.sk\/en\/films\/talks-with-tgm\/\" target=\"_blank\" rel=\"noopener\">Talks with TGM<\/a><\/em><\/strong> by Jakub \u010cervenka, introduced only recently at the 22nd Ji.hlava IDFF.<\/p>\n<p>Festival audience will also have a chance to see current Slovak shorts (co)produced by FTF V\u0160MU, including documentaries <strong><em>Extraction<\/em> <\/strong>by Kate\u0159ina Hron\u00edkov\u00e1 and <strong><em>Therapy by Travelling<\/em><\/strong> by Michal Bar\u00e1nek, fictions <strong><em>The Trip<\/em><\/strong> by Daniel Rih\u00e1k and <strong><em>Vampire Sushi <\/em><\/strong>by Marek Fischer, Jakub Cheban and Michaela Ho\u0161kov\u00e1. Last but not least is animation<strong><em> Journey <\/em><\/strong>by Marek Jasa\u0148.<\/p>\n<p><strong><em>Mimi &amp; L\u00edza: Christmas Lights Mystery<\/em><\/strong> (dir. Katar\u00edna Kerekesov\u00e1, Ivana \u0160ebestov\u00e1), a compilation of a new eponymous story of Mimi and L\u00edza in form of a 26-minute TV special and 6 serial episodes will please the youngest audience .<\/p>\n<p>More information at: <a href=\"http:\/\/bratislavaiff.sk\/en\/\">http:\/\/bratislavaiff.sk\/en\/<\/a><\/p>\n","protected":false},"excerpt":{"rendered":"<p>The 20th edition of Bratislava International Film Festival (November 29 \u2013 December 2, 2018) has prepared a selection of contemporary Czech and Slovak Cinema. Most of the selected films were made in Czech-Slovak co-production as a result of the natural continuation of the filmmaking cooperation between the two neighboring countries after the dissolution of Czechoslovakia, the state whose 100th foundation anniversary we celebrate this year.<\/p>\n","protected":false},"featured_media":11124,"template":"","meta":{"_acf_changed":true,"inline_featured_image":false},"kategorie_noviniek":[1965,2038,2036,2037,2145,2151],"festival":[],"rok":[],"class_list":["post-38111","novinka","type-novinka","status-publish","has-post-thumbnail","hentry","kategorie_noviniek-aic","kategorie_noviniek-archive","kategorie_noviniek-english","kategorie_noviniek-news","kategorie_noviniek-prezentacia-en","kategorie_noviniek-slovak-cinema-at-home"],"acf":[],"_links":{"self":[{"href":"https:\/\/sfu.sk\/en\/wp-json\/wp\/v2\/novinka\/38111","targetHints":{"allow":["GET"]}}],"collection":[{"href":"https:\/\/sfu.sk\/en\/wp-json\/wp\/v2\/novinka"}],"about":[{"href":"https:\/\/sfu.sk\/en\/wp-json\/wp\/v2\/types\/novinka"}],"wp:featuredmedia":[{"embeddable":true,"href":"https:\/\/sfu.sk\/en\/wp-json\/wp\/v2\/media\/11124"}],"wp:attachment":[{"href":"https:\/\/sfu.sk\/en\/wp-json\/wp\/v2\/media?parent=38111"}],"wp:term":[{"taxonomy":"kategorie_noviniek","embeddable":true,"href":"https:\/\/sfu.sk\/en\/wp-json\/wp\/v2\/kategorie_noviniek?post=38111"},{"taxonomy":"festival","embeddable":true,"href":"https:\/\/sfu.sk\/en\/wp-json\/wp\/v2\/festival?post=38111"},{"taxonomy":"rok","embeddable":true,"href":"https:\/\/sfu.sk\/en\/wp-json\/wp\/v2\/rok?post=38111"}],"curies":[{"name":"wp","href":"https:\/\/api.w.org\/{rel}","templated":true}]}}