{"id":41812,"date":"2024-06-19T13:00:45","date_gmt":"2024-06-19T11:00:45","guid":{"rendered":"https:\/\/sfu.sk\/?post_type=novinka&#038;p=41812"},"modified":"2025-12-09T22:33:20","modified_gmt":"2025-12-09T21:33:20","slug":"fest-anca-2024","status":"publish","type":"novinka","link":"https:\/\/sfu.sk\/en\/news\/fest-anca-2024\/","title":{"rendered":"New and Classic Slovak Films at the 17th Fest An\u010da International Animation Festival"},"content":{"rendered":"\n<p>The Fest An\u010da International Animation Festival, held annually in \u017dilina, showcases the latest animated works from around the world. Its 17th edition will take place from June 25 to June 30, and Slovak films have a significant presence in various sections and competitions.<\/p>\n\n\n\n<p>In the International Short Film Competition, Slovakia will be represented by the film <strong><a href=\"https:\/\/sfu.sk\/en\/films\/hello-summer\/\"><em>Hello Summer<\/em><\/a><\/strong> directed by Martin Smatana and Veronika Zacharov\u00e1, which recently won the Young Audience Award at the Annecy International Animation Film Festival. This film will also participate in the Slovak Short Film Competition. The section will feature films such as <strong><em>Wereawolf<\/em><\/strong> by Nik Mlynar\u010d\u00edk, <em><strong>Perplexity<\/strong> <\/em>by Franz Milec, <strong><em>Tapping Black Boots<\/em><\/strong> by Kaoru Furuko, <em><strong>Bobo<\/strong> <\/em>by Veronika Obertov\u00e1,<em> <strong>Dream Rotation<\/strong><\/em> by Darya Sidorova, Vikt\u00f3ria Zimmermannov\u00e1, Rebeka Vakr\u010dkov\u00e1, and Katar\u00edna Jel\u00ednkov\u00e1, <strong><em>About Stars and Fables<\/em><\/strong> by Alla Dmitrievna Prokopyshyna, and <em><strong>Silo<\/strong> <\/em>by Imrich K\u00fatik.<\/p>\n\n\n\n<p>In the International Competition of Music Videos, <strong><em>President Lourajder \u2013 Lunapark<\/em><\/strong> directed by Martin Mih\u00e1lyi will be presented.<\/p>\n\n\n\n<p>The Short Films for Children section will feature two Slovak films: <em><strong>Bobo<\/strong> <\/em>by Veronika Obertov\u00e1 and an episode from the new series <strong><em>Forest Five<\/em> <\/strong>by Ivana Lau\u010d\u00edkov\u00e1.<\/p>\n\n\n\n<p>The Short Films from Around the World section will screen <strong><em><a href=\"https:\/\/sfu.sk\/en\/films\/garden-of-heart\/\" target=\"_blank\" rel=\"noreferrer noopener\">The Garden of Heart<\/a><\/em><\/strong> by Oliv\u00e9r Hegyi.<\/p>\n\n\n\n<p>Within the <em>Slovak Short Films<\/em> section, <strong><em>Forest Five<\/em><\/strong> by Ivana Lau\u010d\u00edkov\u00e1, <strong><em>The Tots \u2013 Picnic<\/em><\/strong> by Vanda Ra\u00fdmanov\u00e1 and Michal Struss, <em><strong>Saturday<\/strong> <\/em>by Szilard Kardiak, <strong>Ve\u013ek\u00e1 potreba \u2013 Coincidence<\/strong> by Milan Uher\u010d\u00edk, <strong><em>Slovak for a Word \u2013 To Mature<\/em><\/strong> by Mari\u00e1n Vred\u00edk, <strong><em>The Wolf and the Little Goats<\/em><\/strong> by Radovan Hali\u010dka, <strong><em>The Wasteland<\/em><\/strong> by Timotej Lukovi\u010d, and <strong><em><a href=\"https:\/\/sfu.sk\/en\/films\/everything-we-missed\/\" target=\"_blank\" rel=\"noreferrer noopener\">Everything We Missed<\/a><\/em><\/strong> by Marta Prokopov\u00e1 will be showcased.<\/p>\n\n\n\n<p>In addition to new Slovak films, the festival will also present classics from the archives of the Slovak Film Institute (SFI). A program titled Joys and Sorrows will feature films such as <strong><em>The Virgin Land<\/em><\/strong> by Ondrej Slivka, <strong><em>Saturday Is Here<\/em><\/strong> by Vlastimil Herold, <strong><em>The Flea and the Elephant<\/em><\/strong> by Ivan Popovi\u010d, <em><strong>Phone<\/strong> <\/em>by J\u00falius Hu\u010dko, <em><strong>Eye<\/strong> <\/em>by Juraj Bindz\u00e1r, <strong><em>Baby in the Army<\/em><\/strong> by Pen\u010do Kun\u010dev, <strong><em>The Monument<\/em><\/strong> by Oleg Makar-Kalm\u00e1ry, <em><strong>Ikebana<\/strong> <\/em>by Jozef Povrazn\u00edk, and <strong><em>The Construction<\/em><\/strong> by Ivo Hejcman. The program was curated by SFI specialist Lea Pag\u00e1\u010dov\u00e1.<\/p>\n\n\n\n<p>More information at: <a href=\"https:\/\/www.festanca.sk\/en\/\" target=\"_blank\" rel=\"noreferrer noopener\">https:\/\/www.festanca.sk\/en\/<\/a><\/p>\n","protected":false},"excerpt":{"rendered":"<p>The Fest An\u010da International Animation Festival, held annually in \u017dilina, showcases the latest animated works from around the world. Its 17th edition will take place from June 25 to June 30, and Slovak films have a significant presence in various sections and competitions. In the International Short Film Competition, Slovakia will be represented by the [&hellip;]<\/p>\n","protected":false},"featured_media":41806,"template":"","meta":{"_acf_changed":false,"inline_featured_image":false},"kategorie_noviniek":[2145,2151],"festival":[],"rok":[],"class_list":["post-41812","novinka","type-novinka","status-publish","has-post-thumbnail","hentry","kategorie_noviniek-prezentacia-en","kategorie_noviniek-slovak-cinema-at-home"],"acf":[],"_links":{"self":[{"href":"https:\/\/sfu.sk\/en\/wp-json\/wp\/v2\/novinka\/41812","targetHints":{"allow":["GET"]}}],"collection":[{"href":"https:\/\/sfu.sk\/en\/wp-json\/wp\/v2\/novinka"}],"about":[{"href":"https:\/\/sfu.sk\/en\/wp-json\/wp\/v2\/types\/novinka"}],"wp:featuredmedia":[{"embeddable":true,"href":"https:\/\/sfu.sk\/en\/wp-json\/wp\/v2\/media\/41806"}],"wp:attachment":[{"href":"https:\/\/sfu.sk\/en\/wp-json\/wp\/v2\/media?parent=41812"}],"wp:term":[{"taxonomy":"kategorie_noviniek","embeddable":true,"href":"https:\/\/sfu.sk\/en\/wp-json\/wp\/v2\/kategorie_noviniek?post=41812"},{"taxonomy":"festival","embeddable":true,"href":"https:\/\/sfu.sk\/en\/wp-json\/wp\/v2\/festival?post=41812"},{"taxonomy":"rok","embeddable":true,"href":"https:\/\/sfu.sk\/en\/wp-json\/wp\/v2\/rok?post=41812"}],"curies":[{"name":"wp","href":"https:\/\/api.w.org\/{rel}","templated":true}]}}