{"id":55238,"date":"2025-10-14T09:29:00","date_gmt":"2025-10-14T07:29:00","guid":{"rendered":"https:\/\/sfu.sk\/?post_type=novinka&#038;p=55238"},"modified":"2025-10-15T15:37:14","modified_gmt":"2025-10-15T13:37:14","slug":"european-film-awards-2026","status":"publish","type":"novinka","link":"https:\/\/sfu.sk\/en\/news\/european-film-awards-2026\/","title":{"rendered":"Two feature-length Slovak films were shortlisted for the European Film Awards 2026"},"content":{"rendered":"\n<p><strong>Two Slovak films have advanced to the pre-selection of 67 feature-length films for the 38th edition of the European Film Awards, based on the voting of the members of the European Film Academy (EFA).<\/strong><\/p>\n\n\n\n<p> In the Feature Film Selection, the majority-Slovak fiction film <strong><em><a href=\"https:\/\/sfu.sk\/en\/films\/father\/\" target=\"_blank\" rel=\"noreferrer noopener\">Father<\/a><\/em><\/strong> (dir. Tereza Nvotov\u00e1, SK prod: <a href=\"https:\/\/danaeproduction.sk\/\" target=\"_blank\" rel=\"noreferrer noopener\">DANAE Production<\/a>) was included among the 44 selected titles. In the Animated Feature Film Selection, the film <strong><em><a href=\"https:\/\/sfu.sk\/en\/films\/tales-from-the-magic-garden\/\" target=\"_blank\" rel=\"noreferrer noopener\">Tales from the Magic Garden<\/a><\/em><\/strong> (dir. David S\u00fakup, Patrik Pa\u0161\u0161, Leon Vidmar, Jean-Claude Rozec), produced as an equal co-production of four countries (SK prod: <a href=\"https:\/\/www.artichoke.sk\/\" target=\"_blank\" rel=\"noreferrer noopener\">Artichoke Production<\/a>), was included among the eight selected films.<\/p>\n\n\n\n<p>The European Film Awards ceremony will take place on January 17, 2026 in Berlin.<\/p>\n\n\n\n<p>More information at: <a href=\"https:\/\/www.europeanfilmacademy.org\/press\/academy-shortlist-2026\">www.europeanfilmacademy.org\/press\/academy-shortlist-2026<\/a><\/p>\n\n\n\n<p><\/p>\n","protected":false},"excerpt":{"rendered":"<p>Two Slovak films have advanced to the pre-selection of 67 feature-length films for the 38th edition of the European Film Awards, based on the voting of the members of the European Film Academy (EFA).<\/p>\n","protected":false},"featured_media":55252,"template":"","meta":{"_acf_changed":false,"inline_featured_image":false},"kategorie_noviniek":[2149,2145,2152],"festival":[],"rok":[],"class_list":["post-55238","novinka","type-novinka","status-publish","has-post-thumbnail","hentry","kategorie_noviniek-awards","kategorie_noviniek-prezentacia-en","kategorie_noviniek-slovak-cinema-abroad"],"acf":[],"_links":{"self":[{"href":"https:\/\/sfu.sk\/en\/wp-json\/wp\/v2\/novinka\/55238","targetHints":{"allow":["GET"]}}],"collection":[{"href":"https:\/\/sfu.sk\/en\/wp-json\/wp\/v2\/novinka"}],"about":[{"href":"https:\/\/sfu.sk\/en\/wp-json\/wp\/v2\/types\/novinka"}],"wp:featuredmedia":[{"embeddable":true,"href":"https:\/\/sfu.sk\/en\/wp-json\/wp\/v2\/media\/55252"}],"wp:attachment":[{"href":"https:\/\/sfu.sk\/en\/wp-json\/wp\/v2\/media?parent=55238"}],"wp:term":[{"taxonomy":"kategorie_noviniek","embeddable":true,"href":"https:\/\/sfu.sk\/en\/wp-json\/wp\/v2\/kategorie_noviniek?post=55238"},{"taxonomy":"festival","embeddable":true,"href":"https:\/\/sfu.sk\/en\/wp-json\/wp\/v2\/festival?post=55238"},{"taxonomy":"rok","embeddable":true,"href":"https:\/\/sfu.sk\/en\/wp-json\/wp\/v2\/rok?post=55238"}],"curies":[{"name":"wp","href":"https:\/\/api.w.org\/{rel}","templated":true}]}}